{"id":238791,"date":"2023-07-18T11:13:08","date_gmt":"2023-07-18T11:13:08","guid":{"rendered":"https:\/\/www.schoenes-leben.org\/magazin\/?page_id=238791"},"modified":"2025-12-01T12:45:31","modified_gmt":"2025-12-01T12:45:31","slug":"unsere-autoren","status":"publish","type":"page","link":"https:\/\/www.schoenes-leben.org\/magazin\/unsere-autoren\/","title":{"rendered":"Unsere Autoren"},"content":{"rendered":"<p>[et_pb_section fb_built=&#8220;1&#8243; custom_padding_last_edited=&#8220;on|phone&#8220; _builder_version=&#8220;4.21.0&#8243; _module_preset=&#8220;default&#8220; custom_padding_tablet=&#8220;&#8220; custom_padding_phone=&#8220;0px||||false|false&#8220; global_colors_info=&#8220;{}&#8220;][et_pb_row _builder_version=&#8220;4.21.0&#8243; _module_preset=&#8220;default&#8220; width_tablet=&#8220;&#8220; width_phone=&#8220;95%&#8220; width_last_edited=&#8220;on|phone&#8220; custom_margin=&#8220;0px||0px||false|false&#8220; custom_padding=&#8220;10px||10px||false|false&#8220; global_colors_info=&#8220;{}&#8220;][et_pb_column type=&#8220;4_4&#8243; _builder_version=&#8220;4.21.0&#8243; _module_preset=&#8220;default&#8220; global_colors_info=&#8220;{}&#8220;][lwp_divi_breadcrumbs home_text=&#8220;Magazin&#8220; before_text=&#8220;Sie sind hier: &#8220; use_before_icon=&#8220;off&#8220; link_color=&#8220;#B99764&#8243; separator_color=&#8220;#000000&#8243; current_text_color=&#8220;#B99764&#8243; _builder_version=&#8220;4.21.0&#8243; _module_preset=&#8220;default&#8220; module_font=&#8220;Flietext||||||||&#8220; module_text_align=&#8220;center&#8220; module_text_color=&#8220;#000000&#8243; module_font_size=&#8220;13px&#8220; text_orientation=&#8220;center&#8220; module_alignment=&#8220;center&#8220; global_colors_info=&#8220;{}&#8220;][\/lwp_divi_breadcrumbs][\/et_pb_column][\/et_pb_row][et_pb_row _builder_version=&#8220;4.21.0&#8243; _module_preset=&#8220;default&#8220; width_tablet=&#8220;&#8220; width_phone=&#8220;95%&#8220; width_last_edited=&#8220;on|phone&#8220; max_width_tablet=&#8220;&#8220; max_width_phone=&#8220;95%&#8220; max_width_last_edited=&#8220;on|phone&#8220; global_colors_info=&#8220;{}&#8220;][et_pb_column type=&#8220;4_4&#8243; _builder_version=&#8220;4.21.0&#8243; _module_preset=&#8220;default&#8220; global_colors_info=&#8220;{}&#8220;][et_pb_text _builder_version=&#8220;4.27.2&#8243; _module_preset=&#8220;default&#8220; text_font=&#8220;||||||||&#8220; text_text_color=&#8220;#B99764&#8243; text_font_size=&#8220;100px&#8220; text_line_height=&#8220;1.1em&#8220; header_text_color=&#8220;#B99764&#8243; header_font_size=&#8220;87px&#8220; header_2_text_color=&#8220;#B99764&#8243; header_2_font_size=&#8220;87px&#8220; text_orientation=&#8220;center&#8220; text_font_size_tablet=&#8220;100px&#8220; text_font_size_phone=&#8220;48px&#8220; text_font_size_last_edited=&#8220;on|phone&#8220; text_line_height_tablet=&#8220;1.1em&#8220; text_line_height_phone=&#8220;1.3em&#8220; text_line_height_last_edited=&#8220;on|phone&#8220; header_2_font_size_tablet=&#8220;87px&#8220; header_2_font_size_phone=&#8220;78px&#8220; header_2_font_size_last_edited=&#8220;on|phone&#8220; global_colors_info=&#8220;{}&#8220;]<\/p>\n<h1>Unsere Autoren<\/h1>\n<p>[\/et_pb_text][et_pb_text _builder_version=&#8220;4.21.2&#8243; _module_preset=&#8220;default&#8220; text_font=&#8220;Flietext||||||||&#8220; text_text_color=&#8220;#000000&#8243; max_width=&#8220;89%&#8220; module_alignment=&#8220;center&#8220; global_colors_info=&#8220;{}&#8220;]<\/p>\n<p style=\"text-align: center;\">Unsere Autoren sind passionierte K\u00f6pfe aus der SCH\u00d6NES LEBEN Gruppe sowie exzellente Gastschreiber. Gemeinsam setzen sie ihr umfangreiches Know-how, ihr Wissen und ihre Erfahrungen in Beitr\u00e4ge um.<\/p>\n<p>[\/et_pb_text][\/et_pb_column][\/et_pb_row][et_pb_row column_structure=&#8220;1_2,1_2&#8243; module_id=&#8220;was-braucht-man-fuer-yoga&#8220; _builder_version=&#8220;4.21.0&#8243; _module_preset=&#8220;default&#8220; width_tablet=&#8220;&#8220; width_phone=&#8220;95%&#8220; width_last_edited=&#8220;on|phone&#8220; max_width=&#8220;1304px&#8220; global_colors_info=&#8220;{}&#8220;][et_pb_column type=&#8220;1_2&#8243; _builder_version=&#8220;4.21.0&#8243; _module_preset=&#8220;default&#8220; global_colors_info=&#8220;{}&#8220;][et_pb_image src=&#8220;https:\/\/www.schoenes-leben.org\/magazin\/wp-content\/uploads\/2025\/10\/Helen-Bardtenschlager.png&#8220; title_text=&#8220;Helen-Bardtenschlager&#8220; align=&#8220;center&#8220; align_tablet=&#8220;center&#8220; align_phone=&#8220;left&#8220; align_last_edited=&#8220;on|phone&#8220; _builder_version=&#8220;4.27.4&#8243; _module_preset=&#8220;default&#8220; max_width=&#8220;71%&#8220; max_width_tablet=&#8220;&#8220; max_width_phone=&#8220;36%&#8220; max_width_last_edited=&#8220;on|phone&#8220; module_alignment=&#8220;left&#8220; module_alignment_tablet=&#8220;center&#8220; module_alignment_phone=&#8220;left&#8220; module_alignment_last_edited=&#8220;on|phone&#8220; global_colors_info=&#8220;{}&#8220;][\/et_pb_image][et_pb_text _builder_version=&#8220;4.21.2&#8243; _module_preset=&#8220;default&#8220; text_font=&#8220;||||||||&#8220; text_text_color=&#8220;#000000&#8243; text_font_size=&#8220;34px&#8220; text_line_height=&#8220;1.3em&#8220; header_2_font_size=&#8220;32px&#8220; custom_margin=&#8220;||10px||false|false&#8220; header_2_font_size_tablet=&#8220;32px&#8220; header_2_font_size_phone=&#8220;31px&#8220; header_2_font_size_last_edited=&#8220;on|phone&#8220; global_colors_info=&#8220;{}&#8220;]<\/p>\n<h2>Helen Bardtenschlager<\/h2>\n<p>[\/et_pb_text][et_pb_text _builder_version=&#8220;4.21.0&#8243; _module_preset=&#8220;default&#8220; text_font=&#8220;Flietext||||||||&#8220; text_text_color=&#8220;#000000&#8243; global_colors_info=&#8220;{}&#8220;]<\/p>\n<p><span style=\"font-weight: 400;\"><b>Leitung Marketing &amp; Kommunikation SCH\u00d6NES LEBEN Gruppe<br \/><\/b><\/span><\/p>\n<p><span style=\"font-weight: 400;\">Helen Bardtenschlager ist eine vielseitig interessierte soziale Kosmopolitin. Ihre privaten Vorlieben f\u00fcr Kulinarik, Lifestyle, Gesellschaft, Natur, Sport und Tiere zeichnen sich auch in ihrer beruflichen Laufbahn ab. Die Sportsch\u00fclerin und gelernte Bankkauffrau studierte BWL sowie Romanistik in der Mainmetropole Frankfurt. Sie verbrachte viel Zeit im europ\u00e4ischen Ausland, absolvierte ihr Stipendium des spanischen Au\u00dfenministeriums in Madrid, war an der Goethe-Universit\u00e4t Wissenschaftliche Mitarbeiterin, f\u00fcnf Jahre Teil einer internationalen Forschungsgruppe und schloss diese Zeit ab mit einer empirischen Arbeit zum Thema <\/span><i><span style=\"font-weight: 400;\">Sprachliche und kulturelle Integration von italienischen Migranten in Deutschland<\/span><\/i><span style=\"font-weight: 400;\">. Es folgten Jobs im Bereich Marketing &amp; Kommunikation f\u00fcr touristische Unternehmen in Deutschland, Spanien sowie S\u00fcdamerika. Ihre pers\u00f6nlichen Werte sind Lebensfreude, Wertsch\u00e4tzung, Dynamik und Vorbild, weshalb sie sich neben ihrem Job voller positiver Energie als Beirat Tourismusentwicklung an der BBW Hochschule, IHK Ausbilderin und Hundetrainerin engagiert.<\/span><\/p>\n<p>[\/et_pb_text][et_pb_text _builder_version=&#8220;4.21.0&#8243; _module_preset=&#8220;default&#8220; text_font=&#8220;Flietext Fett||||||||&#8220; text_text_color=&#8220;#B99764&#8243; text_font_size=&#8220;24px&#8220; custom_margin=&#8220;||50px||false|false&#8220; link_option_url=&#8220;https:\/\/www.schoenes-leben.org\/magazin\/author\/helen-bardtenschlager\/&#8220; global_colors_info=&#8220;{}&#8220;]<\/p>\n<p><span style=\"text-decoration: underline;\">Alle Artikel lesen<\/span><\/p>\n<p>[\/et_pb_text][\/et_pb_column][et_pb_column type=&#8220;1_2&#8243; _builder_version=&#8220;4.21.0&#8243; _module_preset=&#8220;default&#8220; global_colors_info=&#8220;{}&#8220;][et_pb_image src=&#8220;https:\/\/www.schoenes-leben.org\/magazin\/wp-content\/uploads\/2025\/12\/Kip-Sloane.png&#8220; title_text=&#8220;Kip-Sloane&#8220; align=&#8220;center&#8220; align_tablet=&#8220;center&#8220; align_phone=&#8220;left&#8220; align_last_edited=&#8220;on|phone&#8220; _builder_version=&#8220;4.27.4&#8243; _module_preset=&#8220;default&#8220; max_width=&#8220;71%&#8220; max_width_tablet=&#8220;&#8220; max_width_phone=&#8220;36%&#8220; max_width_last_edited=&#8220;on|phone&#8220; module_alignment=&#8220;left&#8220; hover_enabled=&#8220;0&#8243; module_alignment_tablet=&#8220;center&#8220; module_alignment_phone=&#8220;left&#8220; module_alignment_last_edited=&#8220;on|phone&#8220; global_colors_info=&#8220;{}&#8220; sticky_enabled=&#8220;0&#8243;][\/et_pb_image][et_pb_text _builder_version=&#8220;4.21.2&#8243; _module_preset=&#8220;default&#8220; text_font=&#8220;||||||||&#8220; text_text_color=&#8220;#000000&#8243; text_font_size=&#8220;34px&#8220; text_line_height=&#8220;1.3em&#8220; header_2_font_size=&#8220;32px&#8220; custom_margin=&#8220;||10px||false|false&#8220; header_2_font_size_tablet=&#8220;32px&#8220; header_2_font_size_phone=&#8220;31px&#8220; header_2_font_size_last_edited=&#8220;on|phone&#8220; global_colors_info=&#8220;{}&#8220;]<\/p>\n<h2>Kip Sloane<\/h2>\n<p>[\/et_pb_text][et_pb_text _builder_version=&#8220;4.21.2&#8243; _module_preset=&#8220;default&#8220; text_font=&#8220;Flietext||||||||&#8220; text_text_color=&#8220;#000000&#8243; global_colors_info=&#8220;{}&#8220;]<\/p>\n<p><span style=\"font-weight: 400;\"><b>Gesch\u00e4ftsf\u00fchrer der SCH\u00d6NES LEBEN Wohnen &amp; Ambulant<\/b><\/span><\/p>\n<p><span style=\"font-weight: 400;\">Kip Sloane ist ein wahrer Pflege-Branchenexperte. Seine Erfahrung sammelte er \u00fcber zehn Jahre bei der Sozial-Holding \u2013 dem innovativen Tr\u00e4ger der Altenhilfe \u2013 als Referent der Gesch\u00e4ftsf\u00fchrung und Controller, bei der in der Sozialwirtschaft renommierten Unternehmensberatung rosenbaum nagy, sowie im Rahmen seiner Beratert\u00e4tigkeit. Ausgehend vom Schwerpunkt Datenanalyse und Prozessbegleitung, \u00fcber umfangreiche Machbarkeitsstudien, schmerzhafte Sanierungen und kreative Strategie-Entwicklungsprozesse aller betriebswirtschaftlichen Herausforderungen begleitet er die Branche eng. Nach der Gr\u00fcndung und dem Aufbau seiner Firma Beratermut ist Kip Sloane seit 2022 au\u00dferdem Gesch\u00e4ftsf\u00fchrer der SCH\u00d6NES LEBEN Gruppe f\u00fcr den Bereich Wohnen und Ambulant. Neben den beruflichen Schwerpunkten ist Kip Sloane au\u00dferdem Lehrbeauftragter an der FOM (Finanzierung und Controlling im Gesundheitswesen) und an der DHBW Villingen-Schwenningen (Digitale Steuerungssysteme) sowie als Redner bei unterschiedlichen Branchenevents t\u00e4tig. In Erg\u00e4nzung dazu ist er regelm\u00e4\u00dfiger Autor in Branchen- und Fachpublikationen beliebt. Eine \u00dcbersicht der aktuellen Artikel, Podcasts und Webinare findet sich unter www.beratermut.de\/medien<\/span><\/p>\n<p>[\/et_pb_text][et_pb_text _builder_version=&#8220;4.21.0&#8243; _module_preset=&#8220;default&#8220; text_font=&#8220;Flietext Fett||||||||&#8220; text_text_color=&#8220;#B99764&#8243; text_font_size=&#8220;24px&#8220; custom_margin=&#8220;||50px||false|false&#8220; link_option_url=&#8220;https:\/\/www.schoenes-leben.org\/magazin\/author\/kip-sloane\/&#8220; global_colors_info=&#8220;{}&#8220;]<\/p>\n<p><span style=\"text-decoration: underline;\">Alle Artikel lesen<\/span><\/p>\n<p>[\/et_pb_text][\/et_pb_column][\/et_pb_row][et_pb_row column_structure=&#8220;1_2,1_2&#8243; module_id=&#8220;was-braucht-man-fuer-yoga&#8220; _builder_version=&#8220;4.21.0&#8243; _module_preset=&#8220;default&#8220; width_tablet=&#8220;&#8220; width_phone=&#8220;95%&#8220; width_last_edited=&#8220;on|phone&#8220; max_width=&#8220;1304px&#8220; global_colors_info=&#8220;{}&#8220;][et_pb_column type=&#8220;1_2&#8243; _builder_version=&#8220;4.21.0&#8243; _module_preset=&#8220;default&#8220; global_colors_info=&#8220;{}&#8220;][et_pb_image src=&#8220;https:\/\/www.schoenes-leben.org\/magazin\/wp-content\/uploads\/2025\/10\/Juliane-Jordan.png&#8220; title_text=&#8220;Juliane-Jordan&#8220; align=&#8220;center&#8220; align_tablet=&#8220;center&#8220; align_phone=&#8220;left&#8220; align_last_edited=&#8220;on|phone&#8220; _builder_version=&#8220;4.27.4&#8243; _module_preset=&#8220;default&#8220; max_width=&#8220;71%&#8220; max_width_tablet=&#8220;&#8220; max_width_phone=&#8220;36%&#8220; max_width_last_edited=&#8220;on|phone&#8220; module_alignment=&#8220;left&#8220; module_alignment_tablet=&#8220;center&#8220; module_alignment_phone=&#8220;left&#8220; module_alignment_last_edited=&#8220;on|phone&#8220; global_colors_info=&#8220;{}&#8220;][\/et_pb_image][et_pb_text _builder_version=&#8220;4.27.4&#8243; _module_preset=&#8220;default&#8220; text_font=&#8220;||||||||&#8220; text_text_color=&#8220;#000000&#8243; text_font_size=&#8220;34px&#8220; text_line_height=&#8220;1.3em&#8220; header_2_font_size=&#8220;32px&#8220; custom_margin=&#8220;||10px||false|false&#8220; header_2_font_size_tablet=&#8220;32px&#8220; header_2_font_size_phone=&#8220;31px&#8220; header_2_font_size_last_edited=&#8220;on|phone&#8220; global_colors_info=&#8220;{}&#8220;]<\/p>\n<h2>Juliane Jordan<\/h2>\n<p>[\/et_pb_text][et_pb_text _builder_version=&#8220;4.27.4&#8243; _module_preset=&#8220;default&#8220; text_font=&#8220;Flietext||||||||&#8220; text_text_color=&#8220;#000000&#8243; global_colors_info=&#8220;{}&#8220;]<\/p>\n<p><strong>Senior Marketing Managerin<br \/><\/strong><\/p>\n<p>Juliane Jordan ist seit \u00fcber 10 Jahren Marketingexpertin und findet ihre Passion in der Kreativit\u00e4t und Kreation. Bei der SCH\u00d6NES LEBEN Gruppe gestaltet sie den Printbereich, entwickelt neue Medien und treibt den Markenauftritt voran. Zu ihren weiteren Schwerpunkten z\u00e4hlt das Schreiben. Die Texte der studierten Touristikerin sind in zahlreichen Pressever\u00f6ffentlichungen, im \u00bbhier&amp;jetzt\u00ab Magazin, auf Reiseblogs und diversen Websites zu finden. Ihren Bachelorabschluss erhielt sie von der Teesside University in England, wo sie zwei Jahre lebte. In ihrer Abschlussarbeit analysierte sie Verkehrsprobleme an der Mecklenburgischen Ostseek\u00fcste und erarbeitete L\u00f6sungsvorschl\u00e4ge. Ihre berufliche Heimat fand sie schlie\u00dflich in der deutschen Hauptstadt, wo sie das Marketing eines Reiseveranstalters aktiv mitgestaltete und den Vertrieb von <em>visitBerlin<\/em> mit aufbaute. Ihren Arbeitsalltag gestaltet sie gern mit positiver Energie und viel Humor. Privat verbringt die Halbmarathon-L\u00e4uferin am liebsten Zeit mit ihrer Familie und auf Reisen.<\/p>\n<p>[\/et_pb_text][et_pb_text _builder_version=&#8220;4.27.4&#8243; _module_preset=&#8220;default&#8220; text_font=&#8220;Flietext Fett||||||||&#8220; text_text_color=&#8220;#B99764&#8243; text_font_size=&#8220;24px&#8220; custom_margin=&#8220;||50px||false|false&#8220; link_option_url=&#8220;https:\/\/www.schoenes-leben.org\/magazin\/author\/juliane-jordan\/&#8220; global_colors_info=&#8220;{}&#8220;]<\/p>\n<p><span style=\"text-decoration: underline;\">Alle Artikel lesen<\/span><\/p>\n<p>[\/et_pb_text][\/et_pb_column][et_pb_column type=&#8220;1_2&#8243; _builder_version=&#8220;4.21.0&#8243; _module_preset=&#8220;default&#8220; global_colors_info=&#8220;{}&#8220;][et_pb_image src=&#8220;https:\/\/www.schoenes-leben.org\/magazin\/wp-content\/uploads\/2025\/05\/Maike-Huebner.png&#8220; alt=&#8220;hier&#038;jetzt Autorin&#8220; title_text=&#8220;Maike H\u00fcbner&#8220; align=&#8220;center&#8220; align_tablet=&#8220;center&#8220; align_phone=&#8220;left&#8220; align_last_edited=&#8220;on|phone&#8220; _builder_version=&#8220;4.27.4&#8243; _module_preset=&#8220;default&#8220; max_width=&#8220;71%&#8220; max_width_tablet=&#8220;&#8220; max_width_phone=&#8220;36%&#8220; max_width_last_edited=&#8220;on|phone&#8220; module_alignment=&#8220;left&#8220; module_alignment_tablet=&#8220;center&#8220; module_alignment_phone=&#8220;left&#8220; module_alignment_last_edited=&#8220;on|phone&#8220; global_colors_info=&#8220;{}&#8220;][\/et_pb_image][et_pb_text _builder_version=&#8220;4.27.4&#8243; _module_preset=&#8220;default&#8220; text_font=&#8220;||||||||&#8220; text_text_color=&#8220;#000000&#8243; text_font_size=&#8220;34px&#8220; text_line_height=&#8220;1.3em&#8220; header_2_font_size=&#8220;32px&#8220; custom_margin=&#8220;||10px||false|false&#8220; header_2_font_size_tablet=&#8220;32px&#8220; header_2_font_size_phone=&#8220;31px&#8220; header_2_font_size_last_edited=&#8220;on|phone&#8220; global_colors_info=&#8220;{}&#8220;]<\/p>\n<h2>Maike H\u00fcbner<\/h2>\n<p>[\/et_pb_text][et_pb_text _builder_version=&#8220;4.27.4&#8243; _module_preset=&#8220;default&#8220; text_font=&#8220;Flietext||||||||&#8220; text_text_color=&#8220;#000000&#8243; global_colors_info=&#8220;{}&#8220;]<\/p>\n<p><strong>Digital Marketing Managerin bei KITICON Global Networks<\/strong><\/p>\n<p>Maike H\u00fcbner ist leidenschaftliche Texterin und liebt kreatives Arbeiten. W\u00e4hrend sie in ihrem Bachelorstudium ihrer Leidenschaft f\u00fcr die vielf\u00e4ltigen Bereiche Mode, Kunst, Design und Medien nachging, konzentrierte sie sich in ihrem Masterstudium der Medienwissenschaften vor allem auf digitale Medien und soziale Netzwerke. W\u00e4hrend des Studiums sammelte sie bereits redaktionelle Erfahrungen in verschiedenen Branchen und Themengebieten \u2013 von Frauengesundheit, \u00fcber Mode und Technik bis hin zu Reisen. Angeeignetes Wissen teilt sie gerne mit anderen: So unterst\u00fctzte sie unter anderem junge Studierende mit Ratschl\u00e4gen und Tipps zum wissenschaftlichen Schreiben und engagierte sich in einem studentischen Marketingverein. Nach dem Studium sch\u00e4rfte sie ihre Kenntnisse im Rahmen eines Traineeships im Bereich Suchmaschinenoptimierung und lernte dabei ihre Texte nicht nur stilistisch, sondern auch technisch zu optimieren. Dank der Kombination der erlernten F\u00e4higkeiten sind ihre Texte inhaltlich informativ, leicht auffindbar und begeistern ihre Leser. In ihrer Freizeit h\u00e4lt sie sich am liebsten mit Spinning und Yoga fit, besucht Museen und Konzerte, liest oder arbeitet an kreativen Projekten.<\/p>\n<p>[\/et_pb_text][et_pb_text _builder_version=&#8220;4.27.4&#8243; _module_preset=&#8220;default&#8220; text_font=&#8220;Flietext Fett||||||||&#8220; text_text_color=&#8220;#B99764&#8243; text_font_size=&#8220;24px&#8220; custom_margin=&#8220;||50px||false|false&#8220; link_option_url=&#8220;https:\/\/www.schoenes-leben.org\/magazin\/author\/einem-passionierten-schreiber\/&#8220; global_colors_info=&#8220;{}&#8220;]<\/p>\n<p><a href=\"https:\/\/www.schoenes-leben.org\/magazin\/author\/maike\/\"><span style=\"text-decoration: underline;\">Alle Artikel lesen<\/span><\/a><\/p>\n<p>[\/et_pb_text][\/et_pb_column][\/et_pb_row][et_pb_row column_structure=&#8220;1_2,1_2&#8243; module_id=&#8220;was-braucht-man-fuer-yoga&#8220; _builder_version=&#8220;4.21.0&#8243; _module_preset=&#8220;default&#8220; width_tablet=&#8220;&#8220; width_phone=&#8220;95%&#8220; width_last_edited=&#8220;on|phone&#8220; max_width=&#8220;1304px&#8220; global_colors_info=&#8220;{}&#8220;][et_pb_column type=&#8220;1_2&#8243; _builder_version=&#8220;4.21.0&#8243; _module_preset=&#8220;default&#8220; global_colors_info=&#8220;{}&#8220;][et_pb_image src=&#8220;https:\/\/www.schoenes-leben.org\/magazin\/wp-content\/uploads\/2025\/01\/Stephanie-Hollaus-1.png&#8220; title_text=&#8220;Stephanie Hollaus&#8220; align=&#8220;center&#8220; align_tablet=&#8220;center&#8220; align_phone=&#8220;left&#8220; align_last_edited=&#8220;on|phone&#8220; _builder_version=&#8220;4.27.4&#8243; _module_preset=&#8220;default&#8220; max_width=&#8220;71%&#8220; max_width_tablet=&#8220;&#8220; max_width_phone=&#8220;36%&#8220; max_width_last_edited=&#8220;on|phone&#8220; module_alignment=&#8220;left&#8220; module_alignment_tablet=&#8220;center&#8220; module_alignment_phone=&#8220;left&#8220; module_alignment_last_edited=&#8220;on|phone&#8220; global_colors_info=&#8220;{}&#8220;][\/et_pb_image][et_pb_text _builder_version=&#8220;4.27.4&#8243; _module_preset=&#8220;default&#8220; text_font=&#8220;||||||||&#8220; text_text_color=&#8220;#000000&#8243; text_font_size=&#8220;34px&#8220; text_line_height=&#8220;1.3em&#8220; header_2_font_size=&#8220;32px&#8220; custom_margin=&#8220;||10px||false|false&#8220; header_2_font_size_tablet=&#8220;32px&#8220; header_2_font_size_phone=&#8220;31px&#8220; header_2_font_size_last_edited=&#8220;on|phone&#8220; global_colors_info=&#8220;{}&#8220;]<\/p>\n<h2>Stephanie Hollaus<\/h2>\n<p>[\/et_pb_text][et_pb_text _builder_version=&#8220;4.27.4&#8243; _module_preset=&#8220;default&#8220; text_font=&#8220;Flietext||||||||&#8220; text_text_color=&#8220;#000000&#8243; global_colors_info=&#8220;{}&#8220;]<\/p>\n<p><strong>CARE Markt- &amp; Trendforscherin f\u00fcr Ageing bis Pflege<\/strong><\/p>\n<p>Stephanie Hollaus ist seit 17 Jahren als Marktforscherin im Gesundheitswesen t\u00e4tig, seit 2014 auch f\u00fcr die Weiterentwicklung der alternden Gesellschaft einschlie\u00dflich Pflege in Deutschland. Bis heute ist ihr im Beruf das Analysieren von Bed\u00fcrfnissen und Meinungen der Menschen \u2013 und hier vor allem von vulnerablen Zielgruppen \u2013 eine Herzensaufgabe. Sie ist eine ausgewiesene Expertin im Pharma- und Pflegemarkt: zun\u00e4chst arbeitete die geb\u00fcrtige Bambergerin als pharmazeutisch-technische Assistentin in Apotheken und studierte parallel dazu Betriebswirtschaft mit Schwerpunkt Gesundheits\u00f6konomie und internationales Management. Studienbegleitend war sie in Pharmaunternehmen im In- und Ausland t\u00e4tig. Bevor die Diplomkauffrau im August 2023 als freischaffende Autorin, Impulsgeberin und Trendforscherin f\u00fcr den Ageing- &amp; Pflegemarkt startete, arbeitete sie bei Ipsos, GfK und Psyma.<\/p>\n<p>Ihren kreativen Ausgleich findet sie als Jazz-\/Pop-S\u00e4ngerin und Pianistin auf den unterschiedlichsten B\u00fchnen und Veranstaltungen mit ihrer &#8222;Tiny concert&#8220;-Reihe.<\/p>\n<p>[\/et_pb_text][et_pb_text _builder_version=&#8220;4.27.4&#8243; _module_preset=&#8220;default&#8220; text_font=&#8220;Flietext Fett||||||||&#8220; text_text_color=&#8220;#B99764&#8243; text_font_size=&#8220;24px&#8220; custom_margin=&#8220;||50px||false|false&#8220; link_option_url=&#8220;https:\/\/www.schoenes-leben.org\/magazin\/author\/stephanie-hollaus\/&#8220; global_colors_info=&#8220;{}&#8220;]<\/p>\n<p><span style=\"text-decoration: underline;\">Alle Artikel lesen<\/span><\/p>\n<p>[\/et_pb_text][\/et_pb_column][et_pb_column type=&#8220;1_2&#8243; _builder_version=&#8220;4.21.0&#8243; _module_preset=&#8220;default&#8220; global_colors_info=&#8220;{}&#8220;][et_pb_image src=&#8220;https:\/\/www.schoenes-leben.org\/magazin\/wp-content\/uploads\/2024\/02\/Autorin-Katharina_web_groesser.png&#8220; alt=&#8220;Autorin Magazin hier&#038;jetzt&#8220; title_text=&#8220;Autorin f\u00fcr den Bereich Genuss&#8220; align=&#8220;center&#8220; align_tablet=&#8220;center&#8220; align_phone=&#8220;left&#8220; align_last_edited=&#8220;on|phone&#8220; _builder_version=&#8220;4.24.0&#8243; _module_preset=&#8220;default&#8220; max_width=&#8220;71%&#8220; max_width_tablet=&#8220;&#8220; max_width_phone=&#8220;36%&#8220; max_width_last_edited=&#8220;on|phone&#8220; module_alignment=&#8220;left&#8220; module_alignment_tablet=&#8220;center&#8220; module_alignment_phone=&#8220;left&#8220; module_alignment_last_edited=&#8220;on|phone&#8220; global_colors_info=&#8220;{}&#8220;][\/et_pb_image][et_pb_text _builder_version=&#8220;4.27.4&#8243; _module_preset=&#8220;default&#8220; text_font=&#8220;||||||||&#8220; text_text_color=&#8220;#000000&#8243; text_font_size=&#8220;34px&#8220; text_line_height=&#8220;1.3em&#8220; header_2_font_size=&#8220;32px&#8220; custom_margin=&#8220;||10px||false|false&#8220; header_2_font_size_tablet=&#8220;32px&#8220; header_2_font_size_phone=&#8220;31px&#8220; header_2_font_size_last_edited=&#8220;on|phone&#8220; global_colors_info=&#8220;{}&#8220;]<\/p>\n<h2>Katharina Horz-Ermentraut<\/h2>\n<p>[\/et_pb_text][et_pb_text _builder_version=&#8220;4.27.4&#8243; _module_preset=&#8220;default&#8220; text_font=&#8220;Flietext||||||||&#8220; text_text_color=&#8220;#000000&#8243; global_colors_info=&#8220;{}&#8220;]<\/p>\n<p><strong>Ern\u00e4hrungstherapeutin <\/strong><\/p>\n<p>Katharina Horz-Ermentraut arbeitet seit 10 Jahren als Di\u00e4tassistentin im Gesundheitswesen. Seit 2020 hat sie ihre eigene Praxis, wo sie Einzel- und Gruppentherapie, Seminare und Kochkurse in den Bereichen Gastroenterologie, Adipositas, Essst\u00f6rungen und Onkologie\/Palliativmedizin anbietet. Sie hat zahlreiche Praktika und Weiterbildungen absolviert und ist vom Berufsverband VDD zertifiziert. Neben ihrer Selbstst\u00e4ndigkeit studiert sie aktuell in K\u00f6ln Resilienztraining und Stressmanagement und plant weitere Weiterbildungen in Trauma- und Psychotherapie. Ihren Beruf \u00fcbt Sie mit gro\u00dfer Begeisterung aus, denn Essen bedeutet f\u00fcr sie: <em>Genuss, Wohlbefinden, Lebensqualit\u00e4t &amp; Gemeinschaft<\/em>. In ihrer Freizeit liebt sie die Kreativit\u00e4t, liest, schreibt, singt und wandert gerne in den Alpen. Ein weiteres Hobby ist das Kochen. Durch die Liebe zum Reisen konnte sie vielf\u00e4ltige kulinarische Eindr\u00fccke in ihre eigene K\u00fcche mit nach Hause bringen und ihre Familie verw\u00f6hnen. Ihre pers\u00f6nlichen Werte liegen vor allem im Bereich der Wertsch\u00e4tzung und Verantwortung gegen\u00fcber der Gesellschaft.<\/p>\n<p>[\/et_pb_text][et_pb_text _builder_version=&#8220;4.24.0&#8243; _module_preset=&#8220;default&#8220; text_font=&#8220;Flietext Fett||||||||&#8220; text_text_color=&#8220;#B99764&#8243; text_font_size=&#8220;24px&#8220; custom_margin=&#8220;||50px||false|false&#8220; link_option_url=&#8220;https:\/\/www.schoenes-leben.org\/magazin\/author\/katharina-horz-ermentraut\/&#8220; global_colors_info=&#8220;{}&#8220;]<\/p>\n<p><span style=\"text-decoration: underline;\">Alle Artikel lesen<\/span><\/p>\n<p>[\/et_pb_text][\/et_pb_column][\/et_pb_row][et_pb_row column_structure=&#8220;1_2,1_2&#8243; module_id=&#8220;was-braucht-man-fuer-yoga&#8220; _builder_version=&#8220;4.21.0&#8243; _module_preset=&#8220;default&#8220; width_tablet=&#8220;&#8220; width_phone=&#8220;95%&#8220; width_last_edited=&#8220;on|phone&#8220; max_width=&#8220;1304px&#8220; global_colors_info=&#8220;{}&#8220;][et_pb_column type=&#8220;1_2&#8243; _builder_version=&#8220;4.21.0&#8243; _module_preset=&#8220;default&#8220; global_colors_info=&#8220;{}&#8220;][et_pb_image src=&#8220;https:\/\/www.schoenes-leben.org\/magazin\/wp-content\/uploads\/2025\/11\/Judith-Ebel-web.png&#8220; alt=&#8220;Autor f\u00fcr Umz\u00fcge&#8220; title_text=&#8220;Judith-Ebel-web&#8220; align=&#8220;center&#8220; align_tablet=&#8220;center&#8220; align_phone=&#8220;left&#8220; align_last_edited=&#8220;on|phone&#8220; _builder_version=&#8220;4.27.4&#8243; _module_preset=&#8220;default&#8220; max_width=&#8220;71%&#8220; max_width_tablet=&#8220;&#8220; max_width_phone=&#8220;36%&#8220; max_width_last_edited=&#8220;on|phone&#8220; module_alignment=&#8220;left&#8220; module_alignment_tablet=&#8220;center&#8220; module_alignment_phone=&#8220;left&#8220; module_alignment_last_edited=&#8220;on|phone&#8220; global_colors_info=&#8220;{}&#8220;][\/et_pb_image][et_pb_text _builder_version=&#8220;4.27.4&#8243; _module_preset=&#8220;default&#8220; text_font=&#8220;||||||||&#8220; text_text_color=&#8220;#000000&#8243; text_font_size=&#8220;34px&#8220; text_line_height=&#8220;1.3em&#8220; header_2_font_size=&#8220;32px&#8220; custom_margin=&#8220;||10px||false|false&#8220; header_2_font_size_tablet=&#8220;32px&#8220; header_2_font_size_phone=&#8220;31px&#8220; header_2_font_size_last_edited=&#8220;on|phone&#8220; global_colors_info=&#8220;{}&#8220;]<\/p>\n<h2>Judith Ebel<\/h2>\n<p>[\/et_pb_text][et_pb_text _builder_version=&#8220;4.27.4&#8243; _module_preset=&#8220;default&#8220; text_font=&#8220;Flietext||||||||&#8220; text_text_color=&#8220;#000000&#8243; global_colors_info=&#8220;{}&#8220;]<\/p>\n<p><strong>Dipl. Pflegep\u00e4dagogin | Gr\u00fcnderin, Gesch\u00e4ftsf\u00fchrerin SuperNurse<\/strong><\/p>\n<p>Judith Ebel ist examinierte Gesundheits- und Kinderkrankenschwester und Diplom-Pflegep\u00e4dagogin. Als Expertin \u201eaus der Pflege f\u00fcr die Pflege\u201c ber\u00e4t sie nicht nur Einrichtungen zu allen pflegewissenschaftlichen Themen, sondern hat das mittlerweile auch mit ihrer Leidenschaft f\u00fcr lebenslanges Lernen kombiniert. Als Ideengebering, Gr\u00fcnderin und Gesch\u00e4ftsf\u00fchrerin hat sie <a href=\"https:\/\/www.supernurse.de\/\">SuperNurse\u00ae<\/a> geschaffen, eine Lern-App, mit der Pflegende spielerisch ihr Fachwissen auffrischen und Fortbildungsnachweise erarbeiten k\u00f6nnen. Au\u00dferdem ist Judith Ebel die erste Vorsitzende von Care for Innovation \u2013 Innovation pflegen e. V., einem Verein, der die digitale Transformation des Gesundheitswesens vorantreibt, um Pflegende zu entlasten und mehr Zeit f\u00fcr direkte Pflege zur\u00fcckzugewinnen. Dar\u00fcber hinaus engagiert sich Judith Ebel als Beir\u00e4tin bei pulsnetz.de, einem Projekt, das durch Trainingsangebote und Formate die Digitalisierungskompetenz bei Pflegenden st\u00e4rkt.<\/p>\n<p>&nbsp;<\/p>\n<p>[\/et_pb_text][et_pb_text _builder_version=&#8220;4.27.4&#8243; _module_preset=&#8220;default&#8220; text_font=&#8220;Flietext Fett||||||||&#8220; text_text_color=&#8220;#B99764&#8243; text_font_size=&#8220;24px&#8220; custom_margin=&#8220;||50px||false|false&#8220; link_option_url=&#8220;https:\/\/www.schoenes-leben.org\/magazin\/author\/einem-passionierten-schreiber\/&#8220; global_colors_info=&#8220;{}&#8220;]<\/p>\n<p><a href=\"https:\/\/www.schoenes-leben.org\/magazin\/author\/judith-ebel\/\/\"><span style=\"text-decoration: underline;\">Alle Artikel lesen<\/span><\/a><\/p>\n<p>[\/et_pb_text][\/et_pb_column][et_pb_column type=&#8220;1_2&#8243; _builder_version=&#8220;4.21.0&#8243; _module_preset=&#8220;default&#8220; global_colors_info=&#8220;{}&#8220;][et_pb_image src=&#8220;https:\/\/www.schoenes-leben.org\/magazin\/wp-content\/uploads\/2024\/09\/Autor_Gabriel_Kraemer_web.png&#8220; alt=&#8220;Autor f\u00fcr Umz\u00fcge&#8220; title_text=&#8220;Autor Gabriel Kr\u00e4mer&#8220; align=&#8220;center&#8220; align_tablet=&#8220;center&#8220; align_phone=&#8220;left&#8220; align_last_edited=&#8220;on|phone&#8220; _builder_version=&#8220;4.27.0&#8243; _module_preset=&#8220;default&#8220; max_width=&#8220;71%&#8220; max_width_tablet=&#8220;&#8220; max_width_phone=&#8220;36%&#8220; max_width_last_edited=&#8220;on|phone&#8220; module_alignment=&#8220;left&#8220; module_alignment_tablet=&#8220;center&#8220; module_alignment_phone=&#8220;left&#8220; module_alignment_last_edited=&#8220;on|phone&#8220; global_colors_info=&#8220;{}&#8220;][\/et_pb_image][et_pb_text _builder_version=&#8220;4.27.4&#8243; _module_preset=&#8220;default&#8220; text_font=&#8220;||||||||&#8220; text_text_color=&#8220;#000000&#8243; text_font_size=&#8220;34px&#8220; text_line_height=&#8220;1.3em&#8220; header_2_font_size=&#8220;32px&#8220; custom_margin=&#8220;||10px||false|false&#8220; header_2_font_size_tablet=&#8220;32px&#8220; header_2_font_size_phone=&#8220;31px&#8220; header_2_font_size_last_edited=&#8220;on|phone&#8220; global_colors_info=&#8220;{}&#8220;]<\/p>\n<h2>Gabriel Kr\u00e4mer<\/h2>\n<p>[\/et_pb_text][et_pb_text _builder_version=&#8220;4.27.4&#8243; _module_preset=&#8220;default&#8220; text_font=&#8220;Flietext||||||||&#8220; text_text_color=&#8220;#000000&#8243; global_colors_info=&#8220;{}&#8220;]<\/p>\n<p><strong>Experte f\u00fcr Umz\u00fcge &amp; Entr\u00fcmpelungen<\/strong><\/p>\n<p>Gabriel Kr\u00e4mer hat sich mit seiner Firma <a href=\"https:\/\/sorglosumzuege.de\/\">Sorglos Umz\u00fcge &amp; Entr\u00fcmpelungen<\/a> das Ziel gesetzt, Umz\u00fcge f\u00fcr Senioren stressfreier zu gestalten. Ein Schwerpunkt des Umzugsunternehmens sind Seniorenumz\u00fcge und Haushaltsaufl\u00f6sungen jeglicher Gr\u00f6\u00dfenordnung. Er freut sich \u00fcber die M\u00f6glichkeit, sein Wissen im Magazin hier&amp;jetzt zu teilen und hilfreiche Tipps sowie Ratschl\u00e4ge f\u00fcr Menschen im Alter geben zu k\u00f6nnen, die gerade beispielsweise einen Umzug in das Exklusive Service-Wohnen von SCH\u00d6NES LEBEN planen.<\/p>\n<p>Neben seinem beruflichen Engagement findet Gabriel seinen Ausgleich in der Musik und im Sport. Beim leidenschaftlichen Gitarrespielen l\u00e4sst er seiner Kreativit\u00e4t freien Lauf und tankt neue Energie f\u00fcr die Arbeit.<\/p>\n<p>[\/et_pb_text][et_pb_text _builder_version=&#8220;4.27.0&#8243; _module_preset=&#8220;default&#8220; text_font=&#8220;Flietext Fett||||||||&#8220; text_text_color=&#8220;#B99764&#8243; text_font_size=&#8220;24px&#8220; custom_margin=&#8220;||50px||false|false&#8220; link_option_url=&#8220;https:\/\/www.schoenes-leben.org\/magazin\/author\/einem-passionierten-schreiber\/&#8220; global_colors_info=&#8220;{}&#8220;]<\/p>\n<p><a href=\"https:\/\/www.schoenes-leben.org\/magazin\/author\/gabriel-kraemer\/\"><span style=\"text-decoration: underline;\">Alle Artikel lesen<\/span><\/a><\/p>\n<p>[\/et_pb_text][\/et_pb_column][\/et_pb_row][et_pb_row column_structure=&#8220;1_2,1_2&#8243; module_id=&#8220;was-braucht-man-fuer-yoga&#8220; _builder_version=&#8220;4.21.0&#8243; _module_preset=&#8220;default&#8220; width_tablet=&#8220;&#8220; width_phone=&#8220;95%&#8220; width_last_edited=&#8220;on|phone&#8220; max_width=&#8220;1304px&#8220; global_colors_info=&#8220;{}&#8220;][et_pb_column type=&#8220;1_2&#8243; _builder_version=&#8220;4.21.0&#8243; _module_preset=&#8220;default&#8220; global_colors_info=&#8220;{}&#8220;][et_pb_image src=&#8220;https:\/\/www.schoenes-leben.org\/magazin\/wp-content\/uploads\/2025\/01\/passionierte-Schreiber.png&#8220; title_text=&#8220;passionierte-Schreiber&#8220; align=&#8220;center&#8220; align_tablet=&#8220;center&#8220; align_phone=&#8220;left&#8220; align_last_edited=&#8220;on|phone&#8220; _builder_version=&#8220;4.27.4&#8243; _module_preset=&#8220;default&#8220; max_width=&#8220;71%&#8220; max_width_tablet=&#8220;&#8220; max_width_phone=&#8220;36%&#8220; max_width_last_edited=&#8220;on|phone&#8220; module_alignment=&#8220;left&#8220; module_alignment_tablet=&#8220;center&#8220; module_alignment_phone=&#8220;left&#8220; module_alignment_last_edited=&#8220;on|phone&#8220; global_colors_info=&#8220;{}&#8220;][\/et_pb_image][et_pb_text _builder_version=&#8220;4.27.4&#8243; _module_preset=&#8220;default&#8220; text_font=&#8220;||||||||&#8220; text_text_color=&#8220;#000000&#8243; text_font_size=&#8220;34px&#8220; text_line_height=&#8220;1.3em&#8220; header_2_font_size=&#8220;32px&#8220; custom_margin=&#8220;||10px||false|false&#8220; header_2_font_size_tablet=&#8220;32px&#8220; header_2_font_size_phone=&#8220;31px&#8220; header_2_font_size_last_edited=&#8220;on|phone&#8220; global_colors_info=&#8220;{}&#8220;]<\/p>\n<h2>Unsere passionierten Schreiber<\/h2>\n<p>[\/et_pb_text][et_pb_text _builder_version=&#8220;4.27.4&#8243; _module_preset=&#8220;default&#8220; text_font=&#8220;Flietext||||||||&#8220; text_text_color=&#8220;#000000&#8243; global_colors_info=&#8220;{}&#8220;]<\/p>\n<p>&nbsp;<\/p>\n<p>In dieser Kategorie unseres digitalen Magazins kommen talentierte und leidenschaftliche Autoren zusammen, um ihre Expertise in den Bereichen Genuss, Lebensfreude, Lebensraum und Vitalit\u00e4t zu teilen. Unsere passionierten Schreiber sind ein Mix von Autoren, die verschiedene Generationen, Hintergr\u00fcnde und Lebenserfahrungen repr\u00e4sentieren und die Vielfalt des Lebens widerspiegeln. Die Schreibergemeinschaft interessiert sich leidenschaftlich f\u00fcr die sch\u00f6nen Seiten des Lebens und teilt ihr Wissen, ihre Erfahrungen und ihre kreativen Gedanken mit Ihnen. Tauchen Sie ein in unsere Sammlung von Beitr\u00e4gen und lassen Sie sich von ihrer Leidenschaft f\u00fcr das Schreiben begeistern.<\/p>\n<p>[\/et_pb_text][et_pb_text _builder_version=&#8220;4.24.0&#8243; _module_preset=&#8220;default&#8220; text_font=&#8220;Flietext Fett||||||||&#8220; text_text_color=&#8220;#B99764&#8243; text_font_size=&#8220;24px&#8220; custom_margin=&#8220;||50px||false|false&#8220; link_option_url=&#8220;https:\/\/www.schoenes-leben.org\/magazin\/author\/einem-passionierten-schreiber\/&#8220; global_colors_info=&#8220;{}&#8220;]<\/p>\n<p><span style=\"text-decoration: underline;\">Alle Artikel lesen<\/span><\/p>\n<p>[\/et_pb_text][\/et_pb_column][et_pb_column type=&#8220;1_2&#8243; _builder_version=&#8220;4.21.0&#8243; _module_preset=&#8220;default&#8220; global_colors_info=&#8220;{}&#8220;][\/et_pb_column][\/et_pb_row][\/et_pb_section]<\/p>\n","protected":false},"excerpt":{"rendered":"<p><div class=\"et_pb_module lwp_divi_breadcrumbs lwp_divi_breadcrumbs_0\">\n\t\t\t\t\n\t\t\t\t\n\t\t\t\t\n\t\t\t\t\n\t\t\t\t\n\t\t\t\t\n\t\t\t\t<div class=\"et_pb_module_inner\">\n\t\t\t\t\t<div class=\"lwp-breadcrumbs\"> <span class=\"before\">Sie sind hier: <\/span> <span vocab=\"https:\/\/schema.org\/\" typeof=\"BreadcrumbList\"><span property=\"itemListElement\" typeof=\"ListItem\"><a property=\"item\" typeof=\"WebPage\" href=\"https:\/\/www.schoenes-leben.org\/magazin\/\" class=\"home\"><span property=\"name\">Magazin<\/span><\/a><meta property=\"position\" content=\"1\"><\/span> <span class=\"separator et-pb-icon\">&#x39;<\/span> <\/span><\/div>\n\t\t\t\t<\/div>\n\t\t\t<\/div>Unsere AutorenUnsere Autoren sind passionierte K\u00f6pfe aus der SCH\u00d6NES LEBEN Gruppe sowie exzellente Gastschreiber. Gemeinsam setzen sie ihr umfangreiches Know-how, ihr Wissen und ihre Erfahrungen in Beitr\u00e4ge um.Helen BardtenschlagerLeitung Marketing &amp; Kommunikation SCH\u00d6NES LEBEN Gruppe Helen Bardtenschlager [&hellip;]<\/p>\n","protected":false},"author":2,"featured_media":0,"parent":0,"menu_order":0,"comment_status":"closed","ping_status":"closed","template":"","meta":{"_et_pb_use_builder":"on","_et_pb_old_content":"<!-- wp:divi\/placeholder \/-->","_et_gb_content_width":"","footnotes":""},"class_list":["post-238791","page","type-page","status-publish","hentry"],"yoast_head":"<!-- This site is optimized with the Yoast SEO plugin v27.4 - https:\/\/yoast.com\/product\/yoast-seo-wordpress\/ -->\n<title>Autoren &amp; Gastschreiber im Fokus: Einblick hinter die Kulissen<\/title>\n<meta name=\"description\" content=\"Unsere Autoren und Gastschreiber sind passionierte K\u00f6pfe. Gemeinsam setzen sie ihr Wissen und ihre Erfahrungen in spannenden Artikeln um.\" \/>\n<meta name=\"robots\" content=\"index, follow, max-snippet:-1, max-image-preview:large, max-video-preview:-1\" \/>\n<link rel=\"canonical\" href=\"https:\/\/www.schoenes-leben.org\/magazin\/unsere-autoren\/\" \/>\n<meta property=\"og:locale\" content=\"de_DE\" \/>\n<meta property=\"og:type\" content=\"article\" \/>\n<meta property=\"og:title\" content=\"Autoren &amp; Gastschreiber im Fokus: Einblick hinter die Kulissen\" \/>\n<meta property=\"og:description\" content=\"Unsere Autoren und Gastschreiber sind passionierte K\u00f6pfe. Gemeinsam setzen sie ihr Wissen und ihre Erfahrungen in spannenden Artikeln um.\" \/>\n<meta property=\"og:url\" content=\"https:\/\/www.schoenes-leben.org\/magazin\/unsere-autoren\/\" \/>\n<meta property=\"og:site_name\" content=\"hier&amp;jetzt\" \/>\n<meta property=\"article:modified_time\" content=\"2025-12-01T12:45:31+00:00\" \/>\n<meta name=\"twitter:card\" content=\"summary_large_image\" \/>\n<meta name=\"twitter:label1\" content=\"Gesch\u00e4tzte Lesezeit\" \/>\n\t<meta name=\"twitter:data1\" content=\"7\u00a0Minuten\" \/>\n<script type=\"application\/ld+json\" class=\"yoast-schema-graph\">{\"@context\":\"https:\\\/\\\/schema.org\",\"@graph\":[{\"@type\":\"WebPage\",\"@id\":\"https:\\\/\\\/www.schoenes-leben.org\\\/magazin\\\/unsere-autoren\\\/\",\"url\":\"https:\\\/\\\/www.schoenes-leben.org\\\/magazin\\\/unsere-autoren\\\/\",\"name\":\"Autoren & Gastschreiber im Fokus: Einblick hinter die Kulissen\",\"isPartOf\":{\"@id\":\"https:\\\/\\\/www.schoenes-leben.org\\\/magazin\\\/#website\"},\"datePublished\":\"2023-07-18T11:13:08+00:00\",\"dateModified\":\"2025-12-01T12:45:31+00:00\",\"description\":\"Unsere Autoren und Gastschreiber sind passionierte K\u00f6pfe. Gemeinsam setzen sie ihr Wissen und ihre Erfahrungen in spannenden Artikeln um.\",\"breadcrumb\":{\"@id\":\"https:\\\/\\\/www.schoenes-leben.org\\\/magazin\\\/unsere-autoren\\\/#breadcrumb\"},\"inLanguage\":\"de\",\"potentialAction\":[{\"@type\":\"ReadAction\",\"target\":[\"https:\\\/\\\/www.schoenes-leben.org\\\/magazin\\\/unsere-autoren\\\/\"]}]},{\"@type\":\"BreadcrumbList\",\"@id\":\"https:\\\/\\\/www.schoenes-leben.org\\\/magazin\\\/unsere-autoren\\\/#breadcrumb\",\"itemListElement\":[{\"@type\":\"ListItem\",\"position\":1,\"name\":\"Startseite\",\"item\":\"https:\\\/\\\/www.schoenes-leben.org\\\/magazin\\\/\"},{\"@type\":\"ListItem\",\"position\":2,\"name\":\"Unsere Autoren\"}]},{\"@type\":\"WebSite\",\"@id\":\"https:\\\/\\\/www.schoenes-leben.org\\\/magazin\\\/#website\",\"url\":\"https:\\\/\\\/www.schoenes-leben.org\\\/magazin\\\/\",\"name\":\"hier&amp;jetzt\",\"description\":\"Das Magazin der SCH\u00d6NES LEBEN Gruppe\",\"potentialAction\":[{\"@type\":\"SearchAction\",\"target\":{\"@type\":\"EntryPoint\",\"urlTemplate\":\"https:\\\/\\\/www.schoenes-leben.org\\\/magazin\\\/?s={search_term_string}\"},\"query-input\":{\"@type\":\"PropertyValueSpecification\",\"valueRequired\":true,\"valueName\":\"search_term_string\"}}],\"inLanguage\":\"de\"}]}<\/script>\n<!-- \/ Yoast SEO plugin. -->","yoast_head_json":{"title":"Autoren & Gastschreiber im Fokus: Einblick hinter die Kulissen","description":"Unsere Autoren und Gastschreiber sind passionierte K\u00f6pfe. Gemeinsam setzen sie ihr Wissen und ihre Erfahrungen in spannenden Artikeln um.","robots":{"index":"index","follow":"follow","max-snippet":"max-snippet:-1","max-image-preview":"max-image-preview:large","max-video-preview":"max-video-preview:-1"},"canonical":"https:\/\/www.schoenes-leben.org\/magazin\/unsere-autoren\/","og_locale":"de_DE","og_type":"article","og_title":"Autoren & Gastschreiber im Fokus: Einblick hinter die Kulissen","og_description":"Unsere Autoren und Gastschreiber sind passionierte K\u00f6pfe. Gemeinsam setzen sie ihr Wissen und ihre Erfahrungen in spannenden Artikeln um.","og_url":"https:\/\/www.schoenes-leben.org\/magazin\/unsere-autoren\/","og_site_name":"hier&amp;jetzt","article_modified_time":"2025-12-01T12:45:31+00:00","twitter_card":"summary_large_image","twitter_misc":{"Gesch\u00e4tzte Lesezeit":"7\u00a0Minuten"},"schema":{"@context":"https:\/\/schema.org","@graph":[{"@type":"WebPage","@id":"https:\/\/www.schoenes-leben.org\/magazin\/unsere-autoren\/","url":"https:\/\/www.schoenes-leben.org\/magazin\/unsere-autoren\/","name":"Autoren & Gastschreiber im Fokus: Einblick hinter die Kulissen","isPartOf":{"@id":"https:\/\/www.schoenes-leben.org\/magazin\/#website"},"datePublished":"2023-07-18T11:13:08+00:00","dateModified":"2025-12-01T12:45:31+00:00","description":"Unsere Autoren und Gastschreiber sind passionierte K\u00f6pfe. Gemeinsam setzen sie ihr Wissen und ihre Erfahrungen in spannenden Artikeln um.","breadcrumb":{"@id":"https:\/\/www.schoenes-leben.org\/magazin\/unsere-autoren\/#breadcrumb"},"inLanguage":"de","potentialAction":[{"@type":"ReadAction","target":["https:\/\/www.schoenes-leben.org\/magazin\/unsere-autoren\/"]}]},{"@type":"BreadcrumbList","@id":"https:\/\/www.schoenes-leben.org\/magazin\/unsere-autoren\/#breadcrumb","itemListElement":[{"@type":"ListItem","position":1,"name":"Startseite","item":"https:\/\/www.schoenes-leben.org\/magazin\/"},{"@type":"ListItem","position":2,"name":"Unsere Autoren"}]},{"@type":"WebSite","@id":"https:\/\/www.schoenes-leben.org\/magazin\/#website","url":"https:\/\/www.schoenes-leben.org\/magazin\/","name":"hier&amp;jetzt","description":"Das Magazin der SCH\u00d6NES LEBEN Gruppe","potentialAction":[{"@type":"SearchAction","target":{"@type":"EntryPoint","urlTemplate":"https:\/\/www.schoenes-leben.org\/magazin\/?s={search_term_string}"},"query-input":{"@type":"PropertyValueSpecification","valueRequired":true,"valueName":"search_term_string"}}],"inLanguage":"de"}]}},"_links":{"self":[{"href":"https:\/\/www.schoenes-leben.org\/magazin\/wp-json\/wp\/v2\/pages\/238791","targetHints":{"allow":["GET"]}}],"collection":[{"href":"https:\/\/www.schoenes-leben.org\/magazin\/wp-json\/wp\/v2\/pages"}],"about":[{"href":"https:\/\/www.schoenes-leben.org\/magazin\/wp-json\/wp\/v2\/types\/page"}],"author":[{"embeddable":true,"href":"https:\/\/www.schoenes-leben.org\/magazin\/wp-json\/wp\/v2\/users\/2"}],"replies":[{"embeddable":true,"href":"https:\/\/www.schoenes-leben.org\/magazin\/wp-json\/wp\/v2\/comments?post=238791"}],"version-history":[{"count":57,"href":"https:\/\/www.schoenes-leben.org\/magazin\/wp-json\/wp\/v2\/pages\/238791\/revisions"}],"predecessor-version":[{"id":241223,"href":"https:\/\/www.schoenes-leben.org\/magazin\/wp-json\/wp\/v2\/pages\/238791\/revisions\/241223"}],"wp:attachment":[{"href":"https:\/\/www.schoenes-leben.org\/magazin\/wp-json\/wp\/v2\/media?parent=238791"}],"curies":[{"name":"wp","href":"https:\/\/api.w.org\/{rel}","templated":true}]}}